{"id":673,"date":"2023-01-22T12:30:15","date_gmt":"2023-01-22T11:30:15","guid":{"rendered":"https:\/\/www.feuerwehr-moorsee.de\/?page_id=673"},"modified":"2023-08-01T12:45:03","modified_gmt":"2023-08-01T10:45:03","slug":"neuigkeiten","status":"publish","type":"page","link":"https:\/\/www.feuerwehr-moorsee.de\/?page_id=673","title":{"rendered":"Neuigkeiten"},"content":{"rendered":"\n<figure class=\"wp-block-image alignfull size-large\"><img decoding=\"async\" src=\"https:\/\/www.feuerwehr-moorsee.de\/wp-content\/uploads\/2023\/01\/9f7369fa-6da2-47b5-929c-daa53a06d35e.jpg\" alt=\"\" class=\"wp-image-567\"\/><\/figure>\n\n\n\n<h1 class=\"wp-block-heading has-text-align-center\"><strong>Aktuelle News <\/strong><\/h1>\n\n\n\n<div style=\"height:0px\" aria-hidden=\"true\" class=\"wp-block-spacer\"><\/div>\n\n\n\n<p class=\"has-text-align-center\">\u2022 \u2022 \u2022<\/p>\n\n\n\n<p><\/p>\n\n\n\n<div class=\"wp-block-columns is-layout-flex wp-container-core-columns-is-layout-9d6595d7 wp-block-columns-is-layout-flex\">\n<div class=\"wp-block-column is-layout-flow wp-block-column-is-layout-flow\" style=\"flex-basis:100%\"><ul class=\"wp-block-latest-posts__list has-dates wp-block-latest-posts\"><li><div class=\"wp-block-latest-posts__featured-image alignleft\"><a href=\"https:\/\/www.feuerwehr-moorsee.de\/?p=1849\" aria-label=\"Weltfrauentag 2026\"><img loading=\"lazy\" decoding=\"async\" width=\"200\" height=\"300\" src=\"https:\/\/www.feuerwehr-moorsee.de\/wp-content\/uploads\/2026\/03\/9656c296-b235-42dd-a8b7-729fec22c408-200x300.jpeg\" class=\"attachment-medium size-medium wp-post-image\" alt=\"\" style=\"\" srcset=\"https:\/\/www.feuerwehr-moorsee.de\/wp-content\/uploads\/2026\/03\/9656c296-b235-42dd-a8b7-729fec22c408-200x300.jpeg 200w, https:\/\/www.feuerwehr-moorsee.de\/wp-content\/uploads\/2026\/03\/9656c296-b235-42dd-a8b7-729fec22c408-683x1024.jpeg 683w, https:\/\/www.feuerwehr-moorsee.de\/wp-content\/uploads\/2026\/03\/9656c296-b235-42dd-a8b7-729fec22c408-768x1151.jpeg 768w, https:\/\/www.feuerwehr-moorsee.de\/wp-content\/uploads\/2026\/03\/9656c296-b235-42dd-a8b7-729fec22c408-1025x1536.jpeg 1025w, https:\/\/www.feuerwehr-moorsee.de\/wp-content\/uploads\/2026\/03\/9656c296-b235-42dd-a8b7-729fec22c408.jpeg 1107w\" sizes=\"auto, (max-width: 200px) 100vw, 200px\" \/><\/a><\/div><a class=\"wp-block-latest-posts__post-title\" href=\"https:\/\/www.feuerwehr-moorsee.de\/?p=1849\">Weltfrauentag 2026<\/a><time datetime=\"2026-03-22T19:08:46+01:00\" class=\"wp-block-latest-posts__post-date\">22. M\u00e4rz 2026<\/time><div class=\"wp-block-latest-posts__post-excerpt\">Anl\u00e4sslich des diesj\u00e4hrigen Weltfrauentag (08.03.2026) m\u00f6chten wir auf unseren gro\u00dfen Frauenanteil in unserer Feuerwehr aufmerksam machen. Wir sind besonders stolz sagen zu k\u00f6nnen, dass ein Viertel unser Mitglieder in der &#8230;<\/div><\/li>\n<li><div class=\"wp-block-latest-posts__featured-image alignleft\"><a href=\"https:\/\/www.feuerwehr-moorsee.de\/?p=1761\" aria-label=\"Einsatz\u00fcbung mit angehenden Not\u00e4rzten\"><img loading=\"lazy\" decoding=\"async\" width=\"300\" height=\"225\" src=\"https:\/\/www.feuerwehr-moorsee.de\/wp-content\/uploads\/2025\/10\/38445fc4-0755-478a-8d87-da89ecec7fd8-300x225.jpeg\" class=\"attachment-medium size-medium wp-post-image\" alt=\"\" style=\"\" srcset=\"https:\/\/www.feuerwehr-moorsee.de\/wp-content\/uploads\/2025\/10\/38445fc4-0755-478a-8d87-da89ecec7fd8-300x225.jpeg 300w, https:\/\/www.feuerwehr-moorsee.de\/wp-content\/uploads\/2025\/10\/38445fc4-0755-478a-8d87-da89ecec7fd8-1024x768.jpeg 1024w, https:\/\/www.feuerwehr-moorsee.de\/wp-content\/uploads\/2025\/10\/38445fc4-0755-478a-8d87-da89ecec7fd8-768x576.jpeg 768w, https:\/\/www.feuerwehr-moorsee.de\/wp-content\/uploads\/2025\/10\/38445fc4-0755-478a-8d87-da89ecec7fd8-1536x1152.jpeg 1536w, https:\/\/www.feuerwehr-moorsee.de\/wp-content\/uploads\/2025\/10\/38445fc4-0755-478a-8d87-da89ecec7fd8.jpeg 2048w\" sizes=\"auto, (max-width: 300px) 100vw, 300px\" \/><\/a><\/div><a class=\"wp-block-latest-posts__post-title\" href=\"https:\/\/www.feuerwehr-moorsee.de\/?p=1761\">Einsatz\u00fcbung mit angehenden Not\u00e4rzten<\/a><time datetime=\"2025-10-25T20:27:36+02:00\" class=\"wp-block-latest-posts__post-date\">25. Oktober 2025<\/time><div class=\"wp-block-latest-posts__post-excerpt\">Die technische Hilfeleistung geh\u00f6rt mit zu unseren Hauptaufgaben. So z\u00e4hlen auch Verkehrsunf\u00e4lle dazu. F\u00fcr die Personen in den verunfallten Fahrzeugen handelt es sich um eine Ausnahmesituationen. F\u00fcr uns ist klar: &#8230;<\/div><\/li>\n<li><div class=\"wp-block-latest-posts__featured-image alignleft\"><a href=\"https:\/\/www.feuerwehr-moorsee.de\/?p=1742\" aria-label=\"Bericht der JF zum Stadtzeltlager 2025\"><img loading=\"lazy\" decoding=\"async\" width=\"300\" height=\"225\" src=\"https:\/\/www.feuerwehr-moorsee.de\/wp-content\/uploads\/2025\/09\/488b4088-b239-48f2-b7e7-2548ba38f51f-300x225.jpg\" class=\"attachment-medium size-medium wp-post-image\" alt=\"\" style=\"\" srcset=\"https:\/\/www.feuerwehr-moorsee.de\/wp-content\/uploads\/2025\/09\/488b4088-b239-48f2-b7e7-2548ba38f51f-300x225.jpg 300w, https:\/\/www.feuerwehr-moorsee.de\/wp-content\/uploads\/2025\/09\/488b4088-b239-48f2-b7e7-2548ba38f51f-1024x768.jpg 1024w, https:\/\/www.feuerwehr-moorsee.de\/wp-content\/uploads\/2025\/09\/488b4088-b239-48f2-b7e7-2548ba38f51f-768x576.jpg 768w, https:\/\/www.feuerwehr-moorsee.de\/wp-content\/uploads\/2025\/09\/488b4088-b239-48f2-b7e7-2548ba38f51f-1536x1152.jpg 1536w, https:\/\/www.feuerwehr-moorsee.de\/wp-content\/uploads\/2025\/09\/488b4088-b239-48f2-b7e7-2548ba38f51f.jpg 1600w\" sizes=\"auto, (max-width: 300px) 100vw, 300px\" \/><\/a><\/div><a class=\"wp-block-latest-posts__post-title\" href=\"https:\/\/www.feuerwehr-moorsee.de\/?p=1742\">Bericht der JF zum Stadtzeltlager 2025<\/a><time datetime=\"2025-10-25T20:27:08+02:00\" class=\"wp-block-latest-posts__post-date\">25. Oktober 2025<\/time><div class=\"wp-block-latest-posts__post-excerpt\">Am 31. August begann unser Abenteuer mit einer langen Autofahrt ins Zeltlager nach Otterndorf in Niedersachsen. Die Aufregung war gro\u00df und nach der Ankunft bezogen wir schnell unsere Zelte. Das &#8230;<\/div><\/li>\n<li><div class=\"wp-block-latest-posts__featured-image alignleft\"><a href=\"https:\/\/www.feuerwehr-moorsee.de\/?p=1642\" aria-label=\"Mottoparty 2025 &#8211; 80\u00b4s 90\u00b4s\"><img loading=\"lazy\" decoding=\"async\" width=\"225\" height=\"300\" src=\"https:\/\/www.feuerwehr-moorsee.de\/wp-content\/uploads\/2025\/06\/1ec795fa-afea-4f8e-a4fc-55ec7efb62fa-1-225x300.jpg\" class=\"attachment-medium size-medium wp-post-image\" alt=\"\" style=\"\" srcset=\"https:\/\/www.feuerwehr-moorsee.de\/wp-content\/uploads\/2025\/06\/1ec795fa-afea-4f8e-a4fc-55ec7efb62fa-1-225x300.jpg 225w, https:\/\/www.feuerwehr-moorsee.de\/wp-content\/uploads\/2025\/06\/1ec795fa-afea-4f8e-a4fc-55ec7efb62fa-1-768x1024.jpg 768w, https:\/\/www.feuerwehr-moorsee.de\/wp-content\/uploads\/2025\/06\/1ec795fa-afea-4f8e-a4fc-55ec7efb62fa-1-1152x1536.jpg 1152w, https:\/\/www.feuerwehr-moorsee.de\/wp-content\/uploads\/2025\/06\/1ec795fa-afea-4f8e-a4fc-55ec7efb62fa-1.jpg 1536w\" sizes=\"auto, (max-width: 225px) 100vw, 225px\" \/><\/a><\/div><a class=\"wp-block-latest-posts__post-title\" href=\"https:\/\/www.feuerwehr-moorsee.de\/?p=1642\">Mottoparty 2025 &#8211; 80\u00b4s 90\u00b4s<\/a><time datetime=\"2025-06-16T09:57:25+02:00\" class=\"wp-block-latest-posts__post-date\">16. Juni 2025<\/time><div class=\"wp-block-latest-posts__post-excerpt\">Am 14.06.2025 haben wir gemeinsam mit euch unsere 80\u00b4s 90\u00b4s Party in der Maschinenhalle auf dem Hof Aderhold gefeiert. DJ Andy hat uns ordentlich eingeheizt und uns musikalisch durch die &#8230;<\/div><\/li>\n<li><div class=\"wp-block-latest-posts__featured-image alignleft\"><a href=\"https:\/\/www.feuerwehr-moorsee.de\/?p=1634\" aria-label=\"Einsatz\u00fcbung mit dem DRK Kiel\"><img loading=\"lazy\" decoding=\"async\" width=\"300\" height=\"169\" src=\"https:\/\/www.feuerwehr-moorsee.de\/wp-content\/uploads\/2025\/05\/6b2a4217-fb66-4c1b-ba94-7f077425b173-1-300x169.jpg\" class=\"attachment-medium size-medium wp-post-image\" alt=\"\" style=\"\" srcset=\"https:\/\/www.feuerwehr-moorsee.de\/wp-content\/uploads\/2025\/05\/6b2a4217-fb66-4c1b-ba94-7f077425b173-1-300x169.jpg 300w, https:\/\/www.feuerwehr-moorsee.de\/wp-content\/uploads\/2025\/05\/6b2a4217-fb66-4c1b-ba94-7f077425b173-1-1024x577.jpg 1024w, https:\/\/www.feuerwehr-moorsee.de\/wp-content\/uploads\/2025\/05\/6b2a4217-fb66-4c1b-ba94-7f077425b173-1-768x432.jpg 768w, https:\/\/www.feuerwehr-moorsee.de\/wp-content\/uploads\/2025\/05\/6b2a4217-fb66-4c1b-ba94-7f077425b173-1-1536x865.jpg 1536w, https:\/\/www.feuerwehr-moorsee.de\/wp-content\/uploads\/2025\/05\/6b2a4217-fb66-4c1b-ba94-7f077425b173-1.jpg 2000w\" sizes=\"auto, (max-width: 300px) 100vw, 300px\" \/><\/a><\/div><a class=\"wp-block-latest-posts__post-title\" href=\"https:\/\/www.feuerwehr-moorsee.de\/?p=1634\">Einsatz\u00fcbung mit dem DRK Kiel<\/a><time datetime=\"2025-05-27T10:15:11+02:00\" class=\"wp-block-latest-posts__post-date\">27. Mai 2025<\/time><div class=\"wp-block-latest-posts__post-excerpt\">Am 26.05.2025 haben wir gemeinsam mit angehenden Notfallsanit\u00e4tern des DRK Kiel ge\u00fcbt. Bei dem \u00dcbungsszenario wurde ein Verkehrsunfall zwischen einem Fahrrad und einem Pkw dargestellt. Das Ziel der \u00dcbung war &#8230;<\/div><\/li>\n<li><div class=\"wp-block-latest-posts__featured-image alignleft\"><a href=\"https:\/\/www.feuerwehr-moorsee.de\/?p=1518\" aria-label=\"Jahreshauptversammlung 2025\"><img loading=\"lazy\" decoding=\"async\" width=\"225\" height=\"300\" src=\"https:\/\/www.feuerwehr-moorsee.de\/wp-content\/uploads\/2025\/02\/a45faf30-1c1f-476b-b216-344f6da904bc-1-225x300.jpg\" class=\"attachment-medium size-medium wp-post-image\" alt=\"\" style=\"\" srcset=\"https:\/\/www.feuerwehr-moorsee.de\/wp-content\/uploads\/2025\/02\/a45faf30-1c1f-476b-b216-344f6da904bc-1-225x300.jpg 225w, https:\/\/www.feuerwehr-moorsee.de\/wp-content\/uploads\/2025\/02\/a45faf30-1c1f-476b-b216-344f6da904bc-1-768x1024.jpg 768w, https:\/\/www.feuerwehr-moorsee.de\/wp-content\/uploads\/2025\/02\/a45faf30-1c1f-476b-b216-344f6da904bc-1-1152x1536.jpg 1152w, https:\/\/www.feuerwehr-moorsee.de\/wp-content\/uploads\/2025\/02\/a45faf30-1c1f-476b-b216-344f6da904bc-1.jpg 1536w\" sizes=\"auto, (max-width: 225px) 100vw, 225px\" \/><\/a><\/div><a class=\"wp-block-latest-posts__post-title\" href=\"https:\/\/www.feuerwehr-moorsee.de\/?p=1518\">Jahreshauptversammlung 2025<\/a><time datetime=\"2025-05-27T10:07:13+02:00\" class=\"wp-block-latest-posts__post-date\">27. Mai 2025<\/time><div class=\"wp-block-latest-posts__post-excerpt\">Am 14.02.2025 fand unsere diesj\u00e4hrige Jahreshauptversammlung in unserem Feuerwehrger\u00e4tehaus statt. Nach der Begr\u00fc\u00dfung der G\u00e4ste und der Feststellung der Beschlussf\u00e4higkeit durch unseren Ortswehrf\u00fchrer Julian Koch folgte wie \u00fcblich der Jahresbericht &#8230;<\/div><\/li>\n<li><div class=\"wp-block-latest-posts__featured-image alignleft\"><a href=\"https:\/\/www.feuerwehr-moorsee.de\/?p=1479\" aria-label=\"B\u00fcrgerfest in Berlin\"><img loading=\"lazy\" decoding=\"async\" width=\"300\" height=\"169\" src=\"https:\/\/www.feuerwehr-moorsee.de\/wp-content\/uploads\/2024\/09\/b01cba3e-301f-4318-bdfa-916a51809ea4-1-300x169.jpg\" class=\"attachment-medium size-medium wp-post-image\" alt=\"\" style=\"\" srcset=\"https:\/\/www.feuerwehr-moorsee.de\/wp-content\/uploads\/2024\/09\/b01cba3e-301f-4318-bdfa-916a51809ea4-1-300x169.jpg 300w, https:\/\/www.feuerwehr-moorsee.de\/wp-content\/uploads\/2024\/09\/b01cba3e-301f-4318-bdfa-916a51809ea4-1-1024x576.jpg 1024w, https:\/\/www.feuerwehr-moorsee.de\/wp-content\/uploads\/2024\/09\/b01cba3e-301f-4318-bdfa-916a51809ea4-1-768x432.jpg 768w, https:\/\/www.feuerwehr-moorsee.de\/wp-content\/uploads\/2024\/09\/b01cba3e-301f-4318-bdfa-916a51809ea4-1-1536x864.jpg 1536w, https:\/\/www.feuerwehr-moorsee.de\/wp-content\/uploads\/2024\/09\/b01cba3e-301f-4318-bdfa-916a51809ea4-1-2048x1152.jpg 2048w\" sizes=\"auto, (max-width: 300px) 100vw, 300px\" \/><\/a><\/div><a class=\"wp-block-latest-posts__post-title\" href=\"https:\/\/www.feuerwehr-moorsee.de\/?p=1479\">B\u00fcrgerfest in Berlin<\/a><time datetime=\"2024-09-21T18:42:20+02:00\" class=\"wp-block-latest-posts__post-date\">21. September 2024<\/time><div class=\"wp-block-latest-posts__post-excerpt\">Am 13.09.2024 waren unsere Jugendwartin Miri und unser Ortswehrf\u00fchrer Julian auf Einladung beim B\u00fcrgerfest im Schloss Bellevue in Berlin. Dort haben sie unseren Bundespr\u00e4sidenten Frank Walter Steinmeier (SPD) getroffen.<\/div><\/li>\n<li><div class=\"wp-block-latest-posts__featured-image alignleft\"><a href=\"https:\/\/www.feuerwehr-moorsee.de\/?p=1461\" aria-label=\"AUCH DU KANNST FEUERWEHR\"><img loading=\"lazy\" decoding=\"async\" width=\"300\" height=\"150\" src=\"https:\/\/www.feuerwehr-moorsee.de\/wp-content\/uploads\/2024\/05\/img_1663-300x150.jpg\" class=\"attachment-medium size-medium wp-post-image\" alt=\"\" style=\"\" srcset=\"https:\/\/www.feuerwehr-moorsee.de\/wp-content\/uploads\/2024\/05\/img_1663-300x150.jpg 300w, https:\/\/www.feuerwehr-moorsee.de\/wp-content\/uploads\/2024\/05\/img_1663-1024x511.jpg 1024w, https:\/\/www.feuerwehr-moorsee.de\/wp-content\/uploads\/2024\/05\/img_1663-768x383.jpg 768w, https:\/\/www.feuerwehr-moorsee.de\/wp-content\/uploads\/2024\/05\/img_1663-1536x766.jpg 1536w, https:\/\/www.feuerwehr-moorsee.de\/wp-content\/uploads\/2024\/05\/img_1663-2048x1021.jpg 2048w\" sizes=\"auto, (max-width: 300px) 100vw, 300px\" \/><\/a><\/div><a class=\"wp-block-latest-posts__post-title\" href=\"https:\/\/www.feuerwehr-moorsee.de\/?p=1461\">AUCH DU KANNST FEUERWEHR<\/a><time datetime=\"2024-05-30T14:07:34+02:00\" class=\"wp-block-latest-posts__post-date\">30. Mai 2024<\/time><div class=\"wp-block-latest-posts__post-excerpt\">Seit dem 28.05.2024 haben wir unser neues Werbebanner zur Mitgliederwerbung vor unserem Feuerwehrger\u00e4tehaus stehen. Wir suchen neue motivierte Mitglieder f\u00fcr unsere Freiwillige Feuerwehr. Bist du in einem Alter zwischen 16 &#8230;<\/div><\/li>\n<li><div class=\"wp-block-latest-posts__featured-image alignleft\"><a href=\"https:\/\/www.feuerwehr-moorsee.de\/?p=1419\" aria-label=\"August-Ernst-Pokal 2024\"><img loading=\"lazy\" decoding=\"async\" width=\"300\" height=\"200\" src=\"https:\/\/www.feuerwehr-moorsee.de\/wp-content\/uploads\/2024\/05\/img_1581-1-1-300x200.jpg\" class=\"attachment-medium size-medium wp-post-image\" alt=\"\" style=\"\" srcset=\"https:\/\/www.feuerwehr-moorsee.de\/wp-content\/uploads\/2024\/05\/img_1581-1-1-300x200.jpg 300w, https:\/\/www.feuerwehr-moorsee.de\/wp-content\/uploads\/2024\/05\/img_1581-1-1-1024x684.jpg 1024w, https:\/\/www.feuerwehr-moorsee.de\/wp-content\/uploads\/2024\/05\/img_1581-1-1-768x513.jpg 768w, https:\/\/www.feuerwehr-moorsee.de\/wp-content\/uploads\/2024\/05\/img_1581-1-1-1536x1026.jpg 1536w, https:\/\/www.feuerwehr-moorsee.de\/wp-content\/uploads\/2024\/05\/img_1581-1-1.jpg 2000w\" sizes=\"auto, (max-width: 300px) 100vw, 300px\" \/><\/a><\/div><a class=\"wp-block-latest-posts__post-title\" href=\"https:\/\/www.feuerwehr-moorsee.de\/?p=1419\">August-Ernst-Pokal 2024<\/a><time datetime=\"2024-05-23T11:31:16+02:00\" class=\"wp-block-latest-posts__post-date\">23. Mai 2024<\/time><div class=\"wp-block-latest-posts__post-excerpt\">Am Pfingstwochenende vom 17.05. bis 20.05.2024 fuhren wir wieder zum bundesweiten August-Ernst-Pokal, der dieses Jahr in Wankendorf (Schleswig-Holstein) stattfand. Wir reisten am Freitagabend an und nachdem wir die Klassenzimmer bezogen &#8230;<\/div><\/li>\n<\/ul><\/div>\n<\/div>\n","protected":false},"excerpt":{"rendered":"<p>Aktuelle News \u2022 \u2022 \u2022<\/p>\n","protected":false},"author":2,"featured_media":0,"parent":0,"menu_order":0,"comment_status":"closed","ping_status":"closed","template":"","meta":{"footnotes":""},"class_list":["post-673","page","type-page","status-publish","hentry"],"_links":{"self":[{"href":"https:\/\/www.feuerwehr-moorsee.de\/index.php?rest_route=\/wp\/v2\/pages\/673","targetHints":{"allow":["GET"]}}],"collection":[{"href":"https:\/\/www.feuerwehr-moorsee.de\/index.php?rest_route=\/wp\/v2\/pages"}],"about":[{"href":"https:\/\/www.feuerwehr-moorsee.de\/index.php?rest_route=\/wp\/v2\/types\/page"}],"author":[{"embeddable":true,"href":"https:\/\/www.feuerwehr-moorsee.de\/index.php?rest_route=\/wp\/v2\/users\/2"}],"replies":[{"embeddable":true,"href":"https:\/\/www.feuerwehr-moorsee.de\/index.php?rest_route=%2Fwp%2Fv2%2Fcomments&post=673"}],"version-history":[{"count":6,"href":"https:\/\/www.feuerwehr-moorsee.de\/index.php?rest_route=\/wp\/v2\/pages\/673\/revisions"}],"predecessor-version":[{"id":1163,"href":"https:\/\/www.feuerwehr-moorsee.de\/index.php?rest_route=\/wp\/v2\/pages\/673\/revisions\/1163"}],"wp:attachment":[{"href":"https:\/\/www.feuerwehr-moorsee.de\/index.php?rest_route=%2Fwp%2Fv2%2Fmedia&parent=673"}],"curies":[{"name":"wp","href":"https:\/\/api.w.org\/{rel}","templated":true}]}}